{"id":323,"date":"2022-04-22T20:23:38","date_gmt":"2022-04-22T20:23:38","guid":{"rendered":"http:\/\/kiallunkagyermekedert.hu\/?page_id=323"},"modified":"2023-02-16T16:32:49","modified_gmt":"2023-02-16T16:32:49","slug":"visszaelesek","status":"publish","type":"page","link":"http:\/\/kiallunkagyermekedert.hu\/index.php\/visszaelesek\/","title":{"rendered":"Vissza\u00e9l\u00e9sek"},"content":{"rendered":"\n<p>Forr\u00e1s: <a rel=\"noreferrer noopener\" href=\"https:\/\/szegyenpad.com\/szanalmas\/gyermekbantalmazas-magyar-hatosagi-allaspontok\/\" target=\"_blank\">SZ\u00c9GYENPAD &#8211; Gyermekb\u00e1ntalmaz\u00e1s \u2013 magyar hat\u00f3s\u00e1gi \u00e1ll\u00e1spontok<\/a>, a cikk eredeti szerz\u0151je Jakab Attila, melyet folyamatosan b\u0151v\u00edt\u00fcnk az \u00e9rintettek \u00e1ltal k\u00fcld\u00f6tt inform\u00e1ci\u00f3k alapj\u00e1n. Ha \u00d6nnek is hasonl\u00f3 kijelent\u00e9st tett a hat\u00f3s\u00e1g, keressen fel minket.<\/p>\n\n\n\n<h3 class=\"wp-block-heading\">Angli\u00e1ban t\u00f6rv\u00e9ny&nbsp;<a href=\"https:\/\/filantropikum.com\/akar-5-eves-bortont-is-kaphatnak-az-angliai-szulok-egy-uj-torvenytervezet-szerint-ha-megutik-a-gyerekeiket\" target=\"_blank\" rel=\"noreferrer noopener\">tiltan\u00e1<\/a>&nbsp;a testi feny\u00edt\u00e9s alkalmaz\u00e1s\u00e1t. Mi a helyzet Magyarorsz\u00e1gon?<\/h3>\n\n\n\n<p>Kicsiny kis haz\u00e1nkban \u2013 amint az k\u00f6zismert \u2013 a gyermekek v\u00e9delm\u00e9r\u0151l \u00e9s a gy\u00e1m\u00fcgyi igazgat\u00e1sr\u00f3l sz\u00f3l\u00f3 1997. \u00e9vi XXXI. t\u00f6rv\u00e9ny a 6. \u00a7 (5) bekezd\u00e9s\u00e9ben a z\u00e9r\u00f3 tolerancia elv\u00e9t fogalmazza meg:<\/p>\n\n\n\n<blockquote class=\"wp-block-quote is-layout-flow wp-block-quote-is-layout-flow\">\n<p><strong><em>\u201eA gyermeknek joga van emberi m\u00e9lt\u00f3s\u00e1ga tiszteletben tart\u00e1s\u00e1hoz, a b\u00e1ntalmaz\u00e1ssal \u2013 fizikai, szexu\u00e1lis vagy lelki er\u0151szakkal -, az elhanyagol\u00e1ssal \u00e9s az inform\u00e1ci\u00f3s \u00e1rtalommal szembeni v\u00e9delemhez. A gyermek nem vethet\u0151 al\u00e1 k\u00ednz\u00e1snak, testi feny\u00edt\u00e9snek \u00e9s m\u00e1s kegyetlen, embertelen vagy megal\u00e1z\u00f3 b\u00fcntet\u00e9snek, illetve b\u00e1n\u00e1sm\u00f3dnak.<\/em>\u201d<\/strong><\/p>\n<\/blockquote>\n\n\n\n<p>Ezzel a csodasz\u00e9p elvi megfogalmaz\u00e1ssal szemben mi a magyar r\u00f6g val\u00f3s\u00e1g? Filoz\u00f3fiai eszmefuttat\u00e1s helyett \u00e1lljon itt a magyar hat\u00f3s\u00e1gok hivatalos dokumentumaib\u00f3l n\u00e9h\u00e1ny megvil\u00e1gos\u00edt\u00f3 id\u00e9zet:<\/p>\n\n\n\n<p>Pest megyei korm\u00e1nytisztvisel\u0151 anyuka a F\u0151v\u00e1rosi T\u00f6rv\u00e9nysz\u00e9kre beny\u00fajtott 2017. \u00e1pr. 3-i d\u00e1tummal beny\u00fajtott ellenk\u00e9relm\u00e9ben \u00edgy fogalmazott:&nbsp;<\/p>\n\n\n\n<blockquote class=\"wp-block-quote is-layout-flow wp-block-quote-is-layout-flow\">\n<p><em><strong>\u201eIgen, val\u00f3ban id\u0151nk\u00e9nt r\u00e1csapok valamelyik gyerekre, vagy megh\u00fazom a hajukat. Valamivel kell f\u00e9kezni, k\u00e9zben tartani, b\u00fcntetni a helytelenked\u0151ket\u2026 A hat\u00e1rokat meg kell tan\u00edtanom a gyerekeknek, mert zabol\u00e1tlanul \u00f6n- \u00e9s k\u00f6zvesz\u00e9lyesek lesznek.\u201d&nbsp;<\/strong><\/em><\/p>\n<\/blockquote>\n\n\n\n<p><strong>Erre a k\u00f6vetkez\u0151 v\u00e1laszok sz\u00fclettek:<\/strong><\/p>\n\n\n\n<p><strong>A F\u0151v\u00e1rosi T\u00f6rv\u00e9nysz\u00e9k Dr. Kassai \u00c1rp\u00e1d Mih\u00e1ly eln\u00f6k\u00f6lte b\u00edr\u00f3i tan\u00e1csa (tagjai: Dr. Formanekn\u00e9 Dr. K\u00f3kai Krisztina \u00e9s Havassyn\u00e9 dr. Farkas M\u00e1rta):<\/strong><\/p>\n\n\n\n<blockquote class=\"wp-block-quote is-layout-flow wp-block-quote-is-layout-flow\">\n<p><strong><em>\u201eA felperes ugyan nem vitatta, hogy \u00e9lt a testi feny\u00edt\u00e9s eszk\u00f6z\u00e9vel, mindez azonban elhanyagolhat\u00f3 s\u00faly\u00fa volt \u00e9s a gyermekek pszichol\u00f3gus el\u0151tti explor\u00e1ci\u00f3j\u00e1nak tan\u00fas\u00e1ga szerint [szerk.: mivel a \u201eszak\u00e9rt\u0151\u201d a k\u00e9rd\u00e9st nem is vizsg\u00e1lta, \u00edgy teljesen \u00e9rthet\u0151, hogy] a gyermekekben a legcsek\u00e9lyebb nyomot sem hagyta.\u201d<\/em><\/strong>Forr\u00e1s: 50.Pf.640.251\/2016\/4; 2017.05.04-\u00e9n kelt \u00edt\u00e9let, 6. old., 4. bek.<\/p>\n<\/blockquote>\n\n\n\n<p><strong>Dr. Dorm\u00e1n Tivadar r. alezredes oszt\u00e1lyvezet\u0151, III. Ker\u00fcleti Rend\u0151rkapit\u00e1nys\u00e1g, Vizsg\u00e1lati Oszt\u00e1ly Vizsg\u00e1lati Aloszt\u00e1ly I:<\/strong><\/p>\n\n\n\n<blockquote class=\"wp-block-quote is-layout-flow wp-block-quote-is-layout-flow\">\n<p><strong><em>\u201enem s\u00falyos k\u00f6teless\u00e9gszeg\u00e9s a sz\u00fcl\u0151 r\u00e9sz\u00e9r\u0151l a kiskor\u00fa nevel\u0151 c\u00e9lzat\u00fa, alkalomszer\u0171 feny\u00edt\u00e9se\u2026\u201d<\/em><\/strong>Forr\u00e1s: 01030\/110\/2017\/b\u00fc \u00fcgyben, 2018. m\u00e1jus 11-\u00e9n kiadm\u00e1nyozott nyomoz\u00e1st megsz\u00fcntet\u0151 hat\u00e1rozat.<\/p>\n<\/blockquote>\n\n\n\n<p><strong>Dr. Antal Andrea II. \u00e9s III. ker\u00fcleti vezet\u0151-helyettes \u00fcgy\u00e9sz:&nbsp;<\/strong><\/p>\n\n\n\n<blockquote class=\"wp-block-quote is-layout-flow wp-block-quote-is-layout-flow\">\n<p><em><strong>\u201eB\u00e1r a rendelkez\u00e9sre \u00e1ll\u00f3 adatok szerint (\u2026) el\u0151fordult hajcib\u00e1l\u00e1s vagy pofon a gyerekekkel szemben, azonban az eg\u00e9szs\u00e9ges fejl\u0151d\u00e9st vesz\u00e9lyeztet\u0151 b\u00e1ntalmaz\u00e1s nem t\u00f6rt\u00e9nt, a testi feny\u00edt\u00e9s elhanyagolhat\u00f3 s\u00faly\u00fa volt \u00e9s a gyermekekben nem hagyott nyomot.\u201d<\/strong><\/em>Forr\u00e1s: B. III. 1911\/2017\/8; 2018. szept. 14.-i hat\u00e1rozat, 3-4. old.<\/p>\n<\/blockquote>\n\n\n\n<p><strong>M\u00e1s esetekben is sz\u00fclettek \u00e1ll\u00e1spontok:<\/strong><\/p>\n\n\n\n<p><strong>D\u00e9nesn\u00e9 dr. Csern\u00e1k Erzs\u00e9bet, a F\u0151v\u00e1rosi F\u0151\u00fcgy\u00e9szs\u00e9g M\u00e1sodfok\u00fa Nyomoz\u00e1s Fel\u00fcgyeleti \u00e9s V\u00e1del\u0151k\u00e9sz\u00edt\u00e9si Oszt\u00e1ly\u00e1nak \u00fcgy\u00e9szn\u0151je:<\/strong><\/p>\n\n\n\n<blockquote class=\"wp-block-quote is-layout-flow wp-block-quote-is-layout-flow\">\n<p><em><strong>\u201eB\u00e1r a gyermekek v\u00e9delm\u00e9r\u0151l \u00e9s a gy\u00e1m\u00fcgyi igazgat\u00e1sr\u00f3l sz\u00f3l\u00f3 t\u00f6rv\u00e9ny \u00e9s a nemzetk\u00f6zi egyezm\u00e9nyek a gyermekek testi feny\u00edt\u00e9s\u00e9t \u00f6nmag\u00e1ban tilalmazza, nem tekinthet\u0151 s\u00falyos k\u00f6teless\u00e9gszeg\u00e9snek a sz\u00fcl\u0151 r\u00e9sz\u00e9r\u0151l a kiskor\u00fa alkalomszer\u0171, testi s\u00e9rt\u00e9st nem okoz\u00f3 b\u00e1ntalmaz\u00e1sa.\u201d<\/strong><\/em>Forr\u00e1s: K\u00dcFO. 776\/2017\/4, 2018.\u00e1prilis 3-\u00e1n kelt hat\u00e1rozat, 2. old. utols\u00f3 bekezd\u00e9s.<\/p>\n<\/blockquote>\n\n\n\n<p><strong>Dr. Buj\u00e1ki L\u00e1szl\u00f3 VIII. ker\u00fcleti \u00fcgy\u00e9sz:<\/strong><\/p>\n\n\n\n<blockquote class=\"wp-block-quote is-layout-flow wp-block-quote-is-layout-flow\">\n<p><strong><em>\u201e\u2026az elfenekel\u00e9st maga a gyermek sem \u00e9rezte b\u00e1nt\u00f3nak (\u2026.), \u00edgy ez a sz\u00fcl\u0151i nevel\u00e9si, feny\u00edt\u00e9si jog hat\u00e1r\u00e1t nem l\u00e9pte t\u00fal, a kiskor\u00fa vesz\u00e9lyeztet\u00e9se b\u0171ntett\u00e9nek meg\u00e1llap\u00edt\u00e1s\u00e1ra nem alkalmas.\u201d<\/em><\/strong>Forr\u00e1s: B.VIII.248\/2016\/13-1; 2018. jan. 25.<\/p>\n<\/blockquote>\n\n\n\n<p><strong>Radv\u00e1nszky R\u00f3bert r. alezredes, mb. oszt\u00e1lyvezet\u0151 (Kiskunhalas Rend\u0151rkapit\u00e1nys\u00e1g, Vizsg\u00e1lati Oszt\u00e1ly):<\/strong><\/p>\n\n\n\n<blockquote class=\"wp-block-quote is-layout-flow wp-block-quote-is-layout-flow\">\n<p><strong><em>\u201eA nevel\u00e9si, fel\u00fcgyeleti vagy gondoz\u00e1si k\u00f6teless\u00e9g megszeg\u00e9se csak akkor t\u00e9ny\u00e1ll\u00e1sszer\u0171, ha az elk\u00f6vet\u0151 magatart\u00e1sa s\u00falyos k\u00f6teless\u00e9gszeg\u00e9s. Nem s\u00falyos k\u00f6teless\u00e9gszeg\u00e9s a sz\u00fcl\u0151 r\u00e9sz\u00e9r\u0151l a kiskor\u00fa gyermek alkalomszer\u0171, nevel\u00e9si c\u00e9lzat\u00fa b\u00e1ntalmaz\u00e1sa, feny\u00edt\u00e9se.\u201d<\/em><\/strong>Forr\u00e1s: 03060\/284\/2013.b\u00fc; 2013. szept. 19.<\/p>\n<\/blockquote>\n\n\n\n<p>A magunk r\u00e9sz\u00e9r\u0151l egy\u00e9rtelm\u0171 anom\u00e1li\u00e1t v\u00e9l\u00fcnk felfedezni a hat\u00f3s\u00e1gok indokl\u00e1si gyakorlat\u00e1ban. Ugyanakkor az is egy\u00e9rtelm\u0171, hogy D\u00e9nesn\u00e9 dr. Csern\u00e1k Erzs\u00e9bet \u00fcgy\u00e9szn\u0151 \u00e9s Radv\u00e1nszky R\u00f3bert r. alezredes \u00e1ll\u00e1spontja mondhatni m\u00e9g a sz\u00f3haszn\u00e1latban is egyezik, j\u00f3llehet helyileg \u00e9s id\u0151ben t\u00e1vol \u00e1llnak egym\u00e1st\u00f3l:<\/p>\n\n\n\n<figure class=\"wp-block-table\"><table><tbody><tr><td><strong>Radv\u00e1nszky R\u00f3bert, 2013<\/strong>:<\/td><td><strong>D\u00e9nesn\u00e9 dr. Csern\u00e1k Erzs\u00e9bet, 2018<\/strong>:<\/td><\/tr><tr><td><em><strong>\u201eNem s\u00falyos k\u00f6teless\u00e9gszeg\u00e9s a sz\u00fcl\u0151 r\u00e9sz\u00e9r\u0151l a kiskor\u00fa gyermek alkalomszer\u0171, nevel\u00e9si c\u00e9lzat\u00fa b\u00e1ntalmaz\u00e1sa, feny\u00edt\u00e9se<\/strong>.<\/em><strong><em>\u201d<\/em><\/strong><\/td><td><strong><em>\u201e<\/em><em>\u2026nem tekinthet\u0151 s\u00falyos k\u00f6teless\u00e9gszeg\u00e9snek a sz\u00fcl\u0151 r\u00e9sz\u00e9r\u0151l a kiskor\u00fa alkalomszer\u0171, testi s\u00e9rt\u00e9st nem okoz\u00f3 b\u00e1ntalmaz\u00e1sa.\u201d<\/em><\/strong><\/td><\/tr><\/tbody><\/table><\/figure>\n\n\n\n<p><strong>Ki\u00e1llunk a Gyermeked\u00e9rt \u00e1ltal gy\u0171jt\u00f6tt tov\u00e1bbi esetek:<\/strong><\/p>\n\n\n\n<div class=\"wp-block-columns is-layout-flex wp-container-core-columns-is-layout-9d6595d7 wp-block-columns-is-layout-flex\">\n<div class=\"wp-block-column is-layout-flow wp-block-column-is-layout-flow\" style=\"flex-basis:66.66%\">\n<p><strong>Karasz Csaba r. alezredes, oszt\u00e1lyvezet\u0151 (Cegl\u00e9di Rend\u0151rkapit\u00e1nys\u00e1g, Vizsg\u00e1lati Oszt\u00e1ly), valamint a pszichol\u00f3gus szak\u00e9rt\u0151<\/strong><\/p>\n<\/div>\n\n\n\n<div class=\"wp-block-column is-layout-flow wp-block-column-is-layout-flow\" style=\"flex-basis:33.33%\">\n<div class=\"wp-block-buttons is-content-justification-center is-layout-flex wp-container-core-buttons-is-layout-51f7783f wp-block-buttons-is-layout-flex\">\n<div class=\"wp-block-button\"><a class=\"wp-block-button__link wp-element-button\" href=\"kiallunkagyermekedert.hu\/index.php\/karasz-csaba-r-alezredes\/\">Tov\u00e1bbi inform\u00e1ci\u00f3<\/a><\/div>\n<\/div>\n<\/div>\n<\/div>\n\n\n\n<blockquote class=\"wp-block-quote is-layout-flow wp-block-quote-is-layout-flow\">\n<p><strong><em>\u201e<\/em>a gyermek a feljelent\u0151 K.S. k\u00e9rd\u00e9s\u00e9re elmondta, hogy az \u00e9desanyja megverte a kez\u00e9vel az altesti \u00fclep\u00e9re valamint a fej\u00e9re \u00fct\u00f6tt. (&#8230;) A rendelkez\u00e9sre \u00e1ll\u00f3 adatok alapj\u00e1n meg\u00e1llap\u00edt\u00e1st nyert, hogy K.B. nevel\u0151 jelleggel tehette cselekm\u00e9ny\u00e9t, mely nem rendszeres eset. (&#8230;)<br>A gyermek s\u00e9r\u00fcl\u00e9st nem szenvedett ennek hi\u00e1ny\u00e1ban testi s\u00e9rt\u00e9s gyan\u00faja sem mer\u00fclt fel. (&#8230;) A kor\u00e1bbi elj\u00e1r\u00e1sban kirendelt Igazs\u00e1g\u00fcgyi Pszichol\u00f3gus Szak\u00e9rt\u0151 meg\u00e1llap\u00edtotta, hogy K.B. \u00e1ltal v\u00e9grehajtott cselekm\u00e9ny\u00e9vel s\u00falyos fokban nem vesz\u00e9lyezteti gyermek kk. norm\u00e1lis fejl\u0151d\u00e9s\u00e9t.<em>\u201d<\/em><\/strong>Forr\u00e1s: 13020\/795\/2021.b\u00fc; 2021. 06. 23.<\/p>\n<\/blockquote>\n\n\n\n<p>\u00c9rdekes \u00e1ll\u00e1spont, azonban mi ink\u00e1bb Dr. Csapucha Bernadett \u00e1ll\u00e1spontj\u00e1t k\u00e9pviselj\u00fck, \u00edr\u00e1s\u00e1ban, melynek c\u00edme: <a href=\"https:\/\/ujbtk.hu\/dr-csapucha-bernadett-a-veszelyeztetesi-eredmeny-ertelmezese-a-kiskoru-veszelyeztetese-torvenyi-tenyallasaban\/#_ftn5\">A vesz\u00e9lyeztet\u00e9si eredm\u00e9ny \u00e9rtelmez\u00e9se a kiskor\u00fa vesz\u00e9lyeztet\u00e9se t\u00f6rv\u00e9nyi t\u00e9ny\u00e1ll\u00e1s\u00e1ban<\/a>, az al\u00e1bbi gondolatmenet tal\u00e1lhat\u00f3:<\/p>\n\n\n\n<p>&#8222;A vesz\u00e9lyeztet\u00e9s puszta t\u00e9ny\u00e9nek meg\u00e1llap\u00edt\u00e1s\u00e1hoz b\u00fcntet\u0151jogi szempontb\u00f3l elegend\u0151 a konkr\u00e9t s\u00e9relem bek\u00f6vetkez\u00e9s\u00e9nek re\u00e1lis lehet\u0151s\u00e9ge.&#8221; Valamint, &#8222;Abb\u00f3l eredend\u0151en, hogy a vesz\u00e9lyhelyzet meg\u00e1llap\u00edt\u00e1sa nem t\u00e9ny-, hanem jogk\u00e9rd\u00e9s, a jogk\u00e9rd\u00e9sre szak\u00e9rt\u0151t kirendelni nem lehet, hiszen az nem rendelkezhet kompetenci\u00e1val annak eld\u00f6nt\u00e9s\u00e9ben. A jogalkalmaz\u00f3k azonban meglehet\u0151sen gyakran figyelmen k\u00edv\u00fcl hagyj\u00e1k ezt, vagyis a vesz\u00e9lyhelyzet meg\u00e1llap\u00edt\u00e1s\u00e1t szakk\u00e9rd\u00e9snek tekintik, elegend\u0151 csak p\u00e9ld\u00e1ul arra az esetre gondolni, amikor a kirendelt igazs\u00e1g\u00fcgyi pszichol\u00f3gus szak\u00e9rt\u0151 kompetenci\u00e1j\u00e1t t\u00fall\u00e9pve szakv\u00e9lem\u00e9nyt ny\u00fajt a kiskor\u00fa testi, erk\u00f6lcsi, \u00e9rtelmi vesz\u00e9lyeztet\u00e9sre n\u00e9zve is.&#8221;<\/p>\n\n\n\n<p>Az \u00e9desapa panasszal \u00e9lt Karasz Csaba \u00e1ll\u00e1spontj\u00e1val szemben, melyre az \u00fcgy\u00e9szs\u00e9g v\u00e1laszolt. Itt j\u00f6n a csavar a dologban, hogy legyen valami pozit\u00edv is:<\/p>\n\n\n\n<p>&#8222;Panasz\u00e1nak l\u00e9nyege szerint a gyermekb\u00e1ntalmaz\u00e1s elk\u00f6vet\u00e9se tilalmazott, ez\u00e9r sz\u00fcks\u00e9ges a buntet\u00f6elj\u00e1r\u00e1s lefolytat\u00e1sa. (&#8230;) Meg\u00e1llap\u00edtottam, hogy a nyomoz\u00f3 hat\u00f3s\u00e1g jelen \u00fcgyh\u00f6z nem csatolta a kor\u00e1bbi elj\u00e1r\u00e1sok \u00e1ltala hivatkozott okiratait. <strong>Mindemellett a feljelent\u00e9sben foglalt cselekm\u00e9ny elk\u00f6vet\u00e9si ideje nyilv\u00e1nval\u00f3an k\u00e9s\u0151bbi, mint a hat\u00e1rozatban megjel\u00f6lt szak\u00e9rt\u0151i v\u00e9lem\u00e9ny keletkez\u00e9s\u00e9nek id\u0151pontja<\/strong>, ez\u00e1ltal a szak\u00e9rt\u0151i v\u00e9lem\u00e9ny alapj\u00e1n nem lehet meg\u00e1llap\u00edtani azt, hogy egy k\u00e9s\u0151bbi cselekm\u00e9ny nem b\u0171ncselekm\u00e9ny.<br>Meg\u00e1llap\u00edtottam, hogy a rendelkez\u00e9sre \u00e1ll\u00f3 adatok a Btk. 208.\u00a7 (1) bekezd\u00e9s\u00e9be szerinti kiskor\u00fa vesz\u00e9lyeztet\u00e9s\u00e9nek b\u0171ntette gyan\u00faj\u00e1t megalapozz\u00e1k, ez\u00e9rt a rendelkez\u0151 r\u00e9szben foglaltak szerint a panasznak helyt adtam.<br>A t\u00e9ny\u00e1ll\u00e1s teljes k\u00f6r\u0171 felder\u00edt\u00e9s\u00e9t \u00e9s a bizony\u00edt\u00e9kok beszerz\u00e9s\u00e9t a tov\u00e1bbi elj\u00e1r\u00e1s sor\u00e1n sz\u00fcks\u00e9ges elv\u00e9gezni.&#8221;Forr\u00e1s: B.840-3\/2021. EMI 3.; 2021. 08. 13.; Lest\u00e1k Ilona; Cegl\u00e9di J\u00e1r\u00e1si \u00dcgy\u00e9szs\u00e9g<\/p>\n\n\n\n<p>Karasz Csaba r. alezredes m\u00e9gis meg\u00e1llap\u00edtotta, hogy a &#8222;feljelentett cselekm\u00e9ny nem b\u0171ncselekm\u00e9ny&#8221;. Vajon mi\u00e9rt nem v\u00e9dte Karasz Csaba a kiskor\u00fa \u00e9rdekeit, eln\u00e9zte volna a d\u00e1tumokat?<\/p>\n\n\n<div class=\"wp-block-image\">\n<figure class=\"aligncenter size-full\"><img loading=\"lazy\" decoding=\"async\" width=\"790\" height=\"876\" src=\"http:\/\/kiallunkagyermekedert.hu\/wp-content\/uploads\/2023\/02\/Kepernyofoto-2023-02-08-14.13.18.png\" alt=\"\" class=\"wp-image-582\" srcset=\"http:\/\/kiallunkagyermekedert.hu\/wp-content\/uploads\/2023\/02\/Kepernyofoto-2023-02-08-14.13.18.png 790w, http:\/\/kiallunkagyermekedert.hu\/wp-content\/uploads\/2023\/02\/Kepernyofoto-2023-02-08-14.13.18-271x300.png 271w, http:\/\/kiallunkagyermekedert.hu\/wp-content\/uploads\/2023\/02\/Kepernyofoto-2023-02-08-14.13.18-768x852.png 768w\" sizes=\"auto, (max-width: 790px) 100vw, 790px\" \/><figcaption class=\"wp-element-caption\">A k\u00e9pen a mi v\u00e9lem\u00e9ny\u00fcnk: &#8222;Tisztelt Karasz Csaba rend\u0151r alezredes! Egy gyermek meg\u00fct\u00e9se b\u0171ncselekm\u00e9ny, J\u00c1RJON EL!&#8221; &#8211; <\/figcaption><\/figure>\n<\/div>\n\n\n<p>Az \u00fcgyben megkerest\u00fck Hevesin\u00e9 Sz\u0151ke M\u00e1ria r. alezredes, Igazgat\u00e1srend\u00e9szeti Oszt\u00e1ly, Oszt\u00e1lyvezet\u0151, \u00dcgyf\u00e9lszolg\u00e1lati vagy k\u00f6z\u00f6ns\u00e9gkapcsolati vezet\u0151 h\u00f6lgyet, 2023.02.08-\u00e1n, a v\u00e1laszt, amint megkapjuk, k\u00f6zz\u00e9tessz\u00fck.<\/p>\n\n\n\n<p><strong>Dr. Dorm\u00e1n Tivadar r. alezredes, oszt\u00e1lyvezet\u0151 (III. Ker\u00fcleti Rend\u0151rkapit\u00e1nys\u00e1g, Vizsg\u00e1lati Oszt\u00e1ly):<\/strong><\/p>\n\n\n\n<blockquote class=\"wp-block-quote is-layout-flow wp-block-quote-is-layout-flow\">\n<p><strong><em>\u201e<\/em>Nem s\u00falyos k\u00f6teless\u00e9gszeg\u00e9s a sz\u00fcl\u0151 r\u00e9sz\u00e9r\u0151l a kiskor\u00fa alkalomszer\u0171, testi s\u00e9rt\u00e9st nem okoz\u00f3 b\u00e1ntalmaz\u00e1sa, vagy a kiskor\u00fa visszatart\u00e1sa r\u00f6videbb id\u0151re az \u00e1ltal\u00e1nos iskola l\u00e1togat\u00e1s\u00e1t\u00f3l.<em>\u201d<\/em><\/strong>Forr\u00e1s: 01030\/734\/2022. b\u00fc.;<\/p>\n<\/blockquote>\n\n\n\n<p class=\"has-small-font-size\">Off topic: Persze, ha az oktat\u00e1sb\u00f3l a tan\u00e1r, a di\u00e1k \u00e9rdekei\u00e9rt ki\u00e1llva von meg a di\u00e1kt\u00f3l p\u00e1r tan\u00f3r\u00e1t, az oktat\u00e1s helyzet\u00e9re val\u00f3 figyelem felh\u00edv\u00e1sak\u00e9nt, mely nemhogy t\u00e1rsadalmi r\u00e9tegeket, de az eg\u00e9sz ifj\u00fas\u00e1got \u00e9rinti, annak azonnal k\u00f6vetkezm\u00e9nyei vannak 2022-2023-ban. \u00c9rdekes ellent\u00e9tek. Mindent meg lehet magyar\u00e1zni.<\/p>\n\n\n\n<p><a href=\"https:\/\/www.apakazigazsagert.org\/csapat\/kalmar-laszlo-gyorgy\">Kalm\u00e1r L\u00e1szl\u00f3 Gy\u00f6rgy<\/a> r\u00e9szletesebb betekint\u00e9st ad az \u00fcgy ir\u00e1nt \u00e9rdekl\u0151d\u0151knek, YouTube <a rel=\"noreferrer noopener\" href=\"https:\/\/youtu.be\/Pv8h1SyUCHM\" data-type=\"URL\" data-id=\"https:\/\/youtu.be\/Pv8h1SyUCHM\" target=\"_blank\">vide\u00f3j\u00e1ban<\/a> \u00e9s Dorm\u00e1n \u00farr\u00f3l <a href=\"https:\/\/youtu.be\/t81JKMUHPqY\">kor\u00e1bbi vide\u00f3j\u00e1ban<\/a> \u201cA dr. Dorm\u00e1n Tivadar \u00e1ltal vezetett III. ker\u00fcleti rend\u0151r-t\u00e9bolyda\u201d c\u00edmen. <\/p>\n\n\n\n<p><strong>Lakatos R\u00f3bert r. sz\u00e1zados, B\u0171n\u00fcgyi Oszt\u00e1lyvezet\u0151 (XVIII. Ker\u00fcleti Rend\u0151rkapit\u00e1nys\u00e1g, B\u0171n\u00fcgyi Oszt\u00e1ly) egy ADHD-beteg, 7 \u00e9ves kisfi\u00fa esete:<\/strong><\/p>\n\n\n\n<blockquote class=\"wp-block-quote is-layout-flow wp-block-quote-is-layout-flow\">\n<p><strong>\u201eA feljelent\u0151 \u00e1ltal besz\u00e1molt s\u00e9r\u00fcl\u00e9ssel nem j\u00e1r\u00f3 tark\u00f3n \u00fct\u00e9s k\u00e9z csavargat\u00e1s nem volt rendszeres, s\u00falyos cselekm\u00e9ny. (&#8230;) az elj\u00e1r\u00e1s megsz\u00fcntet\u00e9s\u00e9r\u0151l hat\u00e1roztam.<em>\u201d<\/em><\/strong>Forr\u00e1s: 01180\/266-36\/2022.b\u00fc..; 2022. 09. 19.<\/p>\n<\/blockquote>\n\n\n\n<p>Kedves Lakatos \u00far, ez azt\u00e1n a gyermekv\u00e9delem, a jav\u00e1ban!<\/p>\n","protected":false},"excerpt":{"rendered":"<p>Forr\u00e1s: SZ\u00c9GYENPAD &#8211; Gyermekb\u00e1ntalmaz\u00e1s \u2013 magyar hat\u00f3s\u00e1gi \u00e1ll\u00e1spontok, a cikk eredeti szerz\u0151je Jakab Attila, melyet folyamatosan b\u0151v\u00edt\u00fcnk az \u00e9rintettek \u00e1ltal k\u00fcld\u00f6tt inform\u00e1ci\u00f3k alapj\u00e1n. Ha \u00d6nnek is hasonl\u00f3 kijelent\u00e9st tett a hat\u00f3s\u00e1g, keressen fel minket. Angli\u00e1ban t\u00f6rv\u00e9ny&nbsp;tiltan\u00e1&nbsp;a testi feny\u00edt\u00e9s alkalmaz\u00e1s\u00e1t. Mi a helyzet Magyarorsz\u00e1gon? Kicsiny kis haz\u00e1nkban \u2013 amint az k\u00f6zismert \u2013 a gyermekek v\u00e9delm\u00e9r\u0151l \u00e9s&hellip;&nbsp;<a href=\"http:\/\/kiallunkagyermekedert.hu\/index.php\/visszaelesek\/\" rel=\"bookmark\">Read More &raquo;<span class=\"screen-reader-text\">Vissza\u00e9l\u00e9sek<\/span><\/a><\/p>\n","protected":false},"author":1,"featured_media":0,"parent":0,"menu_order":0,"comment_status":"closed","ping_status":"closed","template":"","meta":{"_seopress_robots_primary_cat":"","neve_meta_sidebar":"","neve_meta_container":"","neve_meta_enable_content_width":"","neve_meta_content_width":0,"neve_meta_title_alignment":"","neve_meta_author_avatar":"","neve_post_elements_order":"","neve_meta_disable_header":"","neve_meta_disable_footer":"","neve_meta_disable_title":"","footnotes":""},"class_list":["post-323","page","type-page","status-publish","hentry"],"_links":{"self":[{"href":"http:\/\/kiallunkagyermekedert.hu\/index.php\/wp-json\/wp\/v2\/pages\/323","targetHints":{"allow":["GET"]}}],"collection":[{"href":"http:\/\/kiallunkagyermekedert.hu\/index.php\/wp-json\/wp\/v2\/pages"}],"about":[{"href":"http:\/\/kiallunkagyermekedert.hu\/index.php\/wp-json\/wp\/v2\/types\/page"}],"author":[{"embeddable":true,"href":"http:\/\/kiallunkagyermekedert.hu\/index.php\/wp-json\/wp\/v2\/users\/1"}],"replies":[{"embeddable":true,"href":"http:\/\/kiallunkagyermekedert.hu\/index.php\/wp-json\/wp\/v2\/comments?post=323"}],"version-history":[{"count":9,"href":"http:\/\/kiallunkagyermekedert.hu\/index.php\/wp-json\/wp\/v2\/pages\/323\/revisions"}],"predecessor-version":[{"id":624,"href":"http:\/\/kiallunkagyermekedert.hu\/index.php\/wp-json\/wp\/v2\/pages\/323\/revisions\/624"}],"wp:attachment":[{"href":"http:\/\/kiallunkagyermekedert.hu\/index.php\/wp-json\/wp\/v2\/media?parent=323"}],"curies":[{"name":"wp","href":"https:\/\/api.w.org\/{rel}","templated":true}]}}